{"id":706,"date":"2018-03-03T09:17:48","date_gmt":"2018-03-03T08:17:48","guid":{"rendered":"http:\/\/gpc-bautzen.de\/?page_id=706"},"modified":"2018-03-03T09:22:29","modified_gmt":"2018-03-03T08:22:29","slug":"umwelt","status":"publish","type":"page","link":"http:\/\/gpc-bautzen.de\/?page_id=706","title":{"rendered":"Umwelt"},"content":{"rendered":"<p>[vc_row][vc_column][vc_column_text]<\/p>\n<h2>Unser Anteil am Umweltschutz<\/h2>\n<p>Auf dem Dach des Hauptgeb\u00e4udes auf der Thomas-M\u00fcntzer-Stra\u00dfe 4c sowie auf dem Nebengeb\u00e4ude befinden sich Photovoltaikanlagen. Diese Solarstromanlagen, in denen mittels Solarzellen ein Teil der Sonnenstrahlung in elektrische Energie umgewandelt wird, tr\u00e4gt zur umweltfreundlichen Stromversorgung des Gesch\u00e4ftshauses bei.<\/p>\n<p>\u201eUmweltbewusstes Denken und Handeln ist uns wichtig&#8221;. Deshalb hat sich der Inhaber Herr Rainer J. Capitain f\u00fcr die Installation einer modernen, mit Sonnenenergie betriebenen Photovoltaikanlage entschieden. Diese wurde Ende Dezember in Betrieb genommen.[\/vc_column_text][\/vc_column][\/vc_row][vc_row][vc_column width=&#8221;2\/3&#8243;][vc_column_text]Die verschattungsfreien Flachd\u00e4cher eignen sich hervorragend f\u00fcr die Solarstromanlage. Bei idealer Sonneneinstrahlung produzieren \u00fcber 110 Hochleistungsmodule fast den ganzen ben\u00f6tigten Strom f\u00fcr das Gesch\u00e4ftshaus.[\/vc_column_text][\/vc_column][vc_column width=&#8221;1\/3&#8243;][vc_single_image image=&#8221;707&#8243; alignment=&#8221;right&#8221; onclick=&#8221;link_image&#8221;][\/vc_column][\/vc_row][vc_row][vc_column width=&#8221;1\/3&#8243;][vc_single_image image=&#8221;708&#8243; onclick=&#8221;link_image&#8221;][\/vc_column][vc_column width=&#8221;2\/3&#8243;][vc_column_text]Die CO\u00b2 Kohlenstoffdioxid-Emissionen reduzieren sich durch den Betrieb der modernen Solarstromanlage um circa 10 Tonnen pro Jahr, Feinstaub wird gar nicht produziert \u2013 ein besonderes Plus f\u00fcr den Umweltschutz.[\/vc_column_text][\/vc_column][\/vc_row]<\/p>\n","protected":false},"excerpt":{"rendered":"<p>[vc_row][vc_column][vc_column_text] Unser Anteil am Umweltschutz Auf dem Dach des Hauptgeb\u00e4udes auf der Thomas-M\u00fcntzer-Stra\u00dfe 4c sowie auf dem Nebengeb\u00e4ude befinden sich Photovoltaikanlagen. Diese Solarstromanlagen, in denen mittels Solarzellen ein Teil der Sonnenstrahlung in elektrische Energie umgewandelt wird, tr\u00e4gt zur umweltfreundlichen Stromversorgung des Gesch\u00e4ftshauses bei. \u201eUmweltbewusstes Denken und Handeln ist uns wichtig&#8221;. Deshalb hat sich der Inhaber [&hellip;]<\/p>\n","protected":false},"author":1,"featured_media":0,"parent":0,"menu_order":0,"comment_status":"closed","ping_status":"closed","template":"","meta":{"footnotes":""},"aioseo_notices":[],"_links":{"self":[{"href":"http:\/\/gpc-bautzen.de\/index.php?rest_route=\/wp\/v2\/pages\/706"}],"collection":[{"href":"http:\/\/gpc-bautzen.de\/index.php?rest_route=\/wp\/v2\/pages"}],"about":[{"href":"http:\/\/gpc-bautzen.de\/index.php?rest_route=\/wp\/v2\/types\/page"}],"author":[{"embeddable":true,"href":"http:\/\/gpc-bautzen.de\/index.php?rest_route=\/wp\/v2\/users\/1"}],"replies":[{"embeddable":true,"href":"http:\/\/gpc-bautzen.de\/index.php?rest_route=%2Fwp%2Fv2%2Fcomments&post=706"}],"version-history":[{"count":2,"href":"http:\/\/gpc-bautzen.de\/index.php?rest_route=\/wp\/v2\/pages\/706\/revisions"}],"predecessor-version":[{"id":710,"href":"http:\/\/gpc-bautzen.de\/index.php?rest_route=\/wp\/v2\/pages\/706\/revisions\/710"}],"wp:attachment":[{"href":"http:\/\/gpc-bautzen.de\/index.php?rest_route=%2Fwp%2Fv2%2Fmedia&parent=706"}],"curies":[{"name":"wp","href":"https:\/\/api.w.org\/{rel}","templated":true}]}}